{"id":7,"date":"2020-04-14T14:36:29","date_gmt":"2020-04-14T12:36:29","guid":{"rendered":"http:\/\/jeanjacquesmandel.com\/?page_id=7"},"modified":"2020-05-24T18:02:46","modified_gmt":"2020-05-24T16:02:46","slug":"a-propos","status":"publish","type":"page","link":"https:\/\/jeanjacquesmandel.com\/fr\/a-propos\/","title":{"rendered":"\u00c0 propos"},"content":{"rendered":"<p>[vc_row css_animation=\u00a0\u00bb\u00a0\u00bb row_type=\u00a0\u00bbrow\u00a0\u00bb use_row_as_full_screen_section=\u00a0\u00bbno\u00a0\u00bb type=\u00a0\u00bbfull_width\u00a0\u00bb angled_section=\u00a0\u00bbno\u00a0\u00bb text_align=\u00a0\u00bbleft\u00a0\u00bb background_image_as_pattern=\u00a0\u00bbwithout_pattern\u00a0\u00bb css=\u00a0\u00bb.vc_custom_1588712065150{margin-top: 50px !important;}\u00a0\u00bb z_index=\u00a0\u00bb\u00a0\u00bb][vc_column][vc_column_text css=\u00a0\u00bb.vc_custom_1587068530862{margin-bottom: 50px !important;}\u00a0\u00bb]<\/p>\n<h1 style=\"text-align: center;\">\u00c0 propos<\/h1>\n<p>[\/vc_column_text][\/vc_column][\/vc_row][vc_row css_animation=\u00a0\u00bb\u00a0\u00bb row_type=\u00a0\u00bbrow\u00a0\u00bb use_row_as_full_screen_section=\u00a0\u00bbno\u00a0\u00bb type=\u00a0\u00bbfull_width\u00a0\u00bb angled_section=\u00a0\u00bbno\u00a0\u00bb text_align=\u00a0\u00bbleft\u00a0\u00bb background_image_as_pattern=\u00a0\u00bbwithout_pattern\u00a0\u00bb css=\u00a0\u00bb.vc_custom_1586944268356{margin-bottom: 50px !important;}\u00a0\u00bb z_index=\u00a0\u00bb\u00a0\u00bb][vc_column][vc_single_image image=\u00a0\u00bb8&Prime; img_size=\u00a0\u00bb400&#215;400&Prime; alignment=\u00a0\u00bbcenter\u00a0\u00bb qode_css_animation=\u00a0\u00bb\u00a0\u00bb][vc_column_text css=\u00a0\u00bb.vc_custom_1586944307307{margin-top: 25px !important;}\u00a0\u00bb]<\/p>\n<p style=\"text-align: center;\">Jean-Jacques MANDEL<\/p>\n<p style=\"text-align: center;\">est anthropologue africaniste de formation, journaliste grand reporter et collectionneur-galeriste par passion.<\/p>\n<p>[\/vc_column_text][\/vc_column][\/vc_row][vc_row css_animation=\u00a0\u00bb\u00a0\u00bb row_type=\u00a0\u00bbrow\u00a0\u00bb use_row_as_full_screen_section=\u00a0\u00bbno\u00a0\u00bb type=\u00a0\u00bbfull_width\u00a0\u00bb angled_section=\u00a0\u00bbno\u00a0\u00bb text_align=\u00a0\u00bbleft\u00a0\u00bb background_image_as_pattern=\u00a0\u00bbwithout_pattern\u00a0\u00bb css=\u00a0\u00bb.vc_custom_1586944316565{margin-bottom: 100px !important;}\u00a0\u00bb z_index=\u00a0\u00bb\u00a0\u00bb][vc_column][vc_column_text]Dans les ann\u00e9es 1970, apr\u00e8s une \u00e9tude sur \u00ab\u00a0L\u2019Ergonomie du travail sous-marin en plong\u00e9e profond sous m\u00e9lange gazeux\u00a0\u00bb men\u00e9e sur les chantiers p\u00e9troliers off-shore de Total en Mer du Nord et au large du Gabon et du Congo sous l\u2019\u00e9gide de la Comex, du CNEXO, et de l\u2019Universit\u00e9 d\u2019Aix-Marseille, il collabore comme photographe et grand reporter au groupe Marie-Claire tout en menant, suite \u00e0 une travers\u00e9e du Sahara, des \u00e9tudes ethnologiques \u00e0 Mopti, dans la boucle du Niger (\u00ab\u00a0Clay Toys Of Mopti\u00a0\u00bb in African Arts UCLA, 1977). Apr\u00e8s une transatlantique en voilier de Dakar \u00e0 Bahia au Br\u00e9sil, de retour \u00e0 Paris, il rejoint en 1981 le quotidien Lib\u00e9ration durant dix d\u2019ans, puis les agences Magnum Photos et Contact Press Images ainsi que diff\u00e9rents magazines. R\u00e9dacteur en chef adjoint au magazine G\u00e9o, il sillonne l\u2019Afrique et plusieurs continents sur les traces des diasporas africaines issues de la traite n\u00e9gri\u00e8re. Sp\u00e9cialiste du vodou et de l\u2019ethnopsychiatrie, il collecte et collectionne depuis plus d\u2019une trentaine d\u2019ann\u00e9es des objets de cultes (B\u00e9nin, Togo, Haiti) dont certains ont rejoint de grandes collections, dont celle de Marc et Marie-Luce Arbogast au Ch\u00e2teau Mus\u00e9e Vaudou \u00e0 Strasbourg (2007) ou bien ont \u00e9t\u00e9 pr\u00e9sent\u00e9s dans diff\u00e9rentes expositions\u00a0: Mus\u00e9e du Quai Branly, \u00ab\u00a0Les Ma\u00eetres du d\u00e9sordre\u00a0\u00bb (2012), Cavin-Morris Gallery, New-York (2015), Galerie Le L\u2019\u0153il \u00ab\u00a0Benin d\u2019hier \u00e0 aujourd\u2019hui\u00a0\u00bb, Tanlay 2016, Mus\u00e9e de La Corderie Royale de Rochefort, \u00abCorps de cordes\u00a0\u00bb (2017\/2018), \u00ab\u00a0Drapeaux Asafo du Ghana\u00a0\u00bb Avant-Retard, Paris (2018), \u00ab\u00a0Vincent Gicquel\u00a0+ f\u00e9tiches Vaudou\u00a0\u00bb Galerie Thomas Bernard\/Cortex Athletico, Paris (2018), , \u00ab\u00a0Blanchard versus Lobi\u00a0\u00bb Avant-Retard, Paris (2019), \u00ab\u00a0Protection Rapproch\u00e9e\u00a0!\u00a0\u00bb Galerie J-P Ritsch-Fisch, Starsbourg (2019).<\/p>\n<p>&nbsp;<\/p>\n<p>En 1995 il participe \u00e0 l\u2019exposition \u00ab\u00a0Les Vieux Papas\u00a0\u00bb qui pr\u00e9sente des photos de culte et des portraits de pr\u00eatres du Vodou prises par Jacques Kerchache au d\u00e9but des ann\u00e9es 1970. A la demande celui-ci il en \u00e9crit le texte du catalogue.<\/p>\n<p>En 1997 il co-organise avec Jacques Kerchache l\u2019exposition \u00ab\u00a0 Patrick Vilaire, R\u00e9flexion sur la mort\u00a0\u00bb \u00e0 La Fondation Cartier\u00a0\u00bb \u00e0 Paris. Il collabore au catalogue (publi\u00e9 par Actes Sud ) par des textes, interviews et photos prises in situ \u00e0 Port au Prince, en Ha\u00efti, dans l\u2019atelier de Patrick Vilaire et dans les ateliers et lieux de culte de Croix des Bouquets, le c\u00e9l\u00e8bre village \/communaut\u00e9 des \u00ab\u00a0forgerons du vaudou\u00a0\u00bb.<\/p>\n<p>&nbsp;<\/p>\n<p>En 2010 il inaugure la Galerie Jean-Jacques Mandel\/Arts Premiers \u00e0 Bordeaux et participe \u00e0 L\u2019exposition \u00ab\u00a0M\u00e9fiance\u00a0\u00bb organis\u00e9e par la Galerie Cortex Athletico. En 2015 il ouvre un Showroom Eph\u00e9m\u00e8re \u00e0 Paris pour confronter dans plusieurs expositions l\u2019Art Brut \u00e0 l\u2019Art Premier.<\/p>\n<p>&nbsp;<\/p>\n<p>Auteur de\u00a0:<\/p>\n<p><a href=\"https:\/\/www.amazon.fr\/LAfrique-%C3%A0-Paris-Collection-Mondes\/dp\/2867370086\" target=\"_blank\" rel=\"noopener noreferrer\">L\u2019Afrique \u00e0 Paris. 1984<\/a><\/p>\n<p><a href=\"https:\/\/www.amazon.fr\/Lhomme-derri%C3%A8re-larbre-Ha%C3%AFtien-Lib%C3%A9ria\/dp\/2738410448\/ref=sr_1_1?__mk_fr_FR=%C3%85M%C3%85%C5%BD%C3%95%C3%91&amp;dchild=1&amp;keywords=L%E2%80%99homme+derri%C3%A8re+l%E2%80%99arbre%2C+un+haitien&amp;qid=1586867761&amp;s=books&amp;sr=1-1\" target=\"_blank\" rel=\"noopener noreferrer\">L\u2019homme derri\u00e8re l\u2019arbre, Un Ha\u00eftien au Liberia. 1991<\/a><\/p>\n<p>&nbsp;<\/p>\n<p>&nbsp;<\/p>\n<p>cr\u00e9dit photo: \u00a9Marielle Eudes[\/vc_column_text][\/vc_column][\/vc_row]<\/p>\n","protected":false},"excerpt":{"rendered":"<p>[vc_row css_animation=\u00a0\u00bb\u00a0\u00bb row_type=\u00a0\u00bbrow\u00a0\u00bb use_row_as_full_screen_section=\u00a0\u00bbno\u00a0\u00bb type=\u00a0\u00bbfull_width\u00a0\u00bb angled_section=\u00a0\u00bbno\u00a0\u00bb text_align=\u00a0\u00bbleft\u00a0\u00bb background_image_as_pattern=\u00a0\u00bbwithout_pattern\u00a0\u00bb css=\u00a0\u00bb.vc_custom_1588712065150{margin-top: 50px !important;}\u00a0\u00bb z_index=\u00a0\u00bb\u00a0\u00bb][vc_column][vc_column_text css=\u00a0\u00bb.vc_custom_1587068530862{margin-bottom: 50px !important;}\u00a0\u00bb] \u00c0 propos [\/vc_column_text][\/vc_column][\/vc_row][vc_row css_animation=\u00a0\u00bb\u00a0\u00bb row_type=\u00a0\u00bbrow\u00a0\u00bb use_row_as_full_screen_section=\u00a0\u00bbno\u00a0\u00bb type=\u00a0\u00bbfull_width\u00a0\u00bb angled_section=\u00a0\u00bbno\u00a0\u00bb text_align=\u00a0\u00bbleft\u00a0\u00bb background_image_as_pattern=\u00a0\u00bbwithout_pattern\u00a0\u00bb css=\u00a0\u00bb.vc_custom_1586944268356{margin-bottom: 50px !important;}\u00a0\u00bb z_index=\u00a0\u00bb\u00a0\u00bb][vc_column][vc_single_image image=\u00a0\u00bb8&Prime; img_size=\u00a0\u00bb400&#215;400&Prime; alignment=\u00a0\u00bbcenter\u00a0\u00bb qode_css_animation=\u00a0\u00bb\u00a0\u00bb][vc_column_text css=\u00a0\u00bb.vc_custom_1586944307307{margin-top: 25px !important;}\u00a0\u00bb] Jean-Jacques MANDEL est anthropologue africaniste de formation, journaliste grand&#8230;<\/p>\n","protected":false},"author":1,"featured_media":0,"parent":0,"menu_order":0,"comment_status":"closed","ping_status":"closed","template":"","meta":[],"acf":[],"_links":{"self":[{"href":"https:\/\/jeanjacquesmandel.com\/fr\/wp-json\/wp\/v2\/pages\/7"}],"collection":[{"href":"https:\/\/jeanjacquesmandel.com\/fr\/wp-json\/wp\/v2\/pages"}],"about":[{"href":"https:\/\/jeanjacquesmandel.com\/fr\/wp-json\/wp\/v2\/types\/page"}],"author":[{"embeddable":true,"href":"https:\/\/jeanjacquesmandel.com\/fr\/wp-json\/wp\/v2\/users\/1"}],"replies":[{"embeddable":true,"href":"https:\/\/jeanjacquesmandel.com\/fr\/wp-json\/wp\/v2\/comments?post=7"}],"version-history":[{"count":8,"href":"https:\/\/jeanjacquesmandel.com\/fr\/wp-json\/wp\/v2\/pages\/7\/revisions"}],"predecessor-version":[{"id":330,"href":"https:\/\/jeanjacquesmandel.com\/fr\/wp-json\/wp\/v2\/pages\/7\/revisions\/330"}],"wp:attachment":[{"href":"https:\/\/jeanjacquesmandel.com\/fr\/wp-json\/wp\/v2\/media?parent=7"}],"curies":[{"name":"wp","href":"https:\/\/api.w.org\/{rel}","templated":true}]}}